{"id":6,"date":"2020-07-20T22:57:04","date_gmt":"2020-07-20T22:57:04","guid":{"rendered":"http:\/\/127.0.0.1\/wp\/?page_id=6"},"modified":"2025-09-04T00:45:37","modified_gmt":"2025-09-04T00:45:37","slug":"the-new-umoma-opens-its-doors-2","status":"publish","type":"page","link":"https:\/\/fpglobal.ca\/it\/","title":{"rendered":"Benvenuto in #FPGlobal"},"content":{"rendered":"<p><!-- What is FPGlobal? header --><\/p>\r\n<div class=\"wp-block-group alignwide\">\r\n    <div class=\"wp-block-group__inner-container\">\r\n        <h2 class=\"has-accent-color has-text-align-center\">Che cos&#8217;\u00e8 #FPGlobal?<\/h2>\r\n        <p><!-- \/wp:post-content --><\/p>\r\n    <\/div>\r\n<\/div>\r\n<p><!-- FPGlobal  description --><\/p>\r\n<p><!-- \/wp:group --><\/p>\r\n<p><!-- wp:paragraph {\"dropCap\":true} --><\/p>\r\n<p class=\"has-drop-cap\">\u00c8 un portale pensato per quelli che amano (o vogliono imparare a) parlare francoprovenzale. Il\r\n    nostro obiettivo \u00e8 riunire coloro che condividono un&#8217;eredit\u00e0 francoprovenzale pur se provenienti da luoghi diversi,\r\n    in modo che si possano incontrare e comunicare fra di loro.<\/p>\r\n<p>Per promuovere lo scambio interculturale, vorremmo proporre argomenti specifici, includendo temi come la cucina\r\n    tradizionale, sport, vita religiosa, vita rurale, famiglia, ecc.<\/p>\r\n<p>Sul sito puoi trovare tematiche, azioni, sfide ed altro. Ad esempio, ti pu\u00f2 essere chiesto, attraverso un\u2019immagine o\r\n    una frase, di condividere un pensiero o un\u2019idea nella tua variet\u00e0 di francoprovenzale.<\/p>\r\n<p>Continuiamo a parlare e a promuovere questa lingua! Clicca su una delle seguenti bandiere per iniziare:<\/p>\r\n<p><!-- Language selection bar --><\/p>\r\n<div class=\"center-images\">\r\n    <a href=\"http:\/\/www.fpglobal.ca\/en\/\"><img loading=\"lazy\" decoding=\"async\" class=\"alignleft wp-image-148\"\r\n            src=\"http:\/\/www.fpglobal.ca\/wp-content\/uploads\/2020\/08\/006-canada-150x150.png\" alt=\"\" width=\"70\"\r\n            height=\"70\" srcset=\"https:\/\/fpglobal.ca\/wp-content\/uploads\/2020\/08\/006-canada-150x150.png 150w, https:\/\/fpglobal.ca\/wp-content\/uploads\/2020\/08\/006-canada-300x300.png 300w, https:\/\/fpglobal.ca\/wp-content\/uploads\/2020\/08\/006-canada.png 512w\" sizes=\"auto, (max-width: 70px) 100vw, 70px\" \/><\/a><br \/>\r\n    <a href=\"http:\/\/www.fpglobal.ca\"><img loading=\"lazy\" decoding=\"async\" class=\"alignleft wp-image-151\"\r\n            src=\"http:\/\/www.fpglobal.ca\/wp-content\/uploads\/2020\/08\/002-france-1-150x150.png\" alt=\"\" width=\"70\"\r\n            height=\"70\" srcset=\"https:\/\/fpglobal.ca\/wp-content\/uploads\/2020\/08\/002-france-1-150x150.png 150w, https:\/\/fpglobal.ca\/wp-content\/uploads\/2020\/08\/002-france-1-300x300.png 300w, https:\/\/fpglobal.ca\/wp-content\/uploads\/2020\/08\/002-france-1.png 512w\" sizes=\"auto, (max-width: 70px) 100vw, 70px\" \/><\/a><br \/>\r\n    <a href=\"http:\/\/www.fpglobal.ca\/it\"><img loading=\"lazy\" decoding=\"async\" class=\"alignleft wp-image-150\"\r\n            src=\"http:\/\/www.fpglobal.ca\/wp-content\/uploads\/2020\/08\/015-italy-150x150.png\" alt=\"\" width=\"70\"\r\n            height=\"70\" srcset=\"https:\/\/fpglobal.ca\/wp-content\/uploads\/2020\/08\/015-italy-150x150.png 150w, https:\/\/fpglobal.ca\/wp-content\/uploads\/2020\/08\/015-italy-300x300.png 300w, https:\/\/fpglobal.ca\/wp-content\/uploads\/2020\/08\/015-italy.png 512w\" sizes=\"auto, (max-width: 70px) 100vw, 70px\" \/><\/a><br \/>\r\n    <a href=\"http:\/\/www.fpglobal.ca\/sw\"><img loading=\"lazy\" decoding=\"async\" class=\"alignleft wp-image-149\"\r\n            src=\"http:\/\/www.fpglobal.ca\/wp-content\/uploads\/2020\/08\/010-switzerland-150x150.png\" alt=\"\" width=\"70\"\r\n            height=\"70\" srcset=\"https:\/\/fpglobal.ca\/wp-content\/uploads\/2020\/08\/010-switzerland-150x150.png 150w, https:\/\/fpglobal.ca\/wp-content\/uploads\/2020\/08\/010-switzerland-300x300.png 300w, https:\/\/fpglobal.ca\/wp-content\/uploads\/2020\/08\/010-switzerland.png 512w\" sizes=\"auto, (max-width: 70px) 100vw, 70px\" \/><\/a><br \/>\r\n    <a href=\"http:\/\/www.fpglobal.ca\/va\"><img loading=\"lazy\" decoding=\"async\" class=\"alignleft wp-image-149\"\r\n            src=\"http:\/\/www.fpglobal.ca\/wp-content\/uploads\/2020\/08\/valledosta-150x150.png\" alt=\"\" width=\"70\"\r\n            height=\"70\" \/><\/a><br \/>\r\n    <a href=\"http:\/\/www.fpglobal.ca\/ft\"><img loading=\"lazy\" decoding=\"async\" class=\"alignleft wp-image-149\"\r\n            src=\"http:\/\/www.fpglobal.ca\/wp-content\/uploads\/2020\/08\/4-150x150.png\" alt=\"\" width=\"70\" height=\"70\" \/><\/a>\r\n<\/div>\r\n<p><!-- \/wp:group --><\/p>\r\n<p><!-- wp:columns {\"align\":\"wide\"} --><\/p>\r\n<div class=\"wp-block-columns alignwide\">\r\n    <div class=\"wp-block-column\">\r\n        <div class=\"wp-block-group\">\r\n            <div class=\"wp-block-group__inner-container\">\r\n                <figure class=\"wp-block-image alignfull size-full\"><img loading=\"lazy\" decoding=\"async\" class=\"alignnone size-full wp-image-307\"\r\n                        src=\"http:\/\/fpglobal.ca\/wp-content\/uploads\/2020\/09\/tG3Xwd6w.jpeg\" alt=\"\" width=\"2016\"\r\n                        height=\"1512\" srcset=\"https:\/\/fpglobal.ca\/wp-content\/uploads\/2020\/09\/tG3Xwd6w.jpeg 2016w, https:\/\/fpglobal.ca\/wp-content\/uploads\/2020\/09\/tG3Xwd6w-300x225.jpeg 300w, https:\/\/fpglobal.ca\/wp-content\/uploads\/2020\/09\/tG3Xwd6w-1024x768.jpeg 1024w, https:\/\/fpglobal.ca\/wp-content\/uploads\/2020\/09\/tG3Xwd6w-768x576.jpeg 768w, https:\/\/fpglobal.ca\/wp-content\/uploads\/2020\/09\/tG3Xwd6w-1536x1152.jpeg 1536w, https:\/\/fpglobal.ca\/wp-content\/uploads\/2020\/09\/tG3Xwd6w-1200x900.jpeg 1200w, https:\/\/fpglobal.ca\/wp-content\/uploads\/2020\/09\/tG3Xwd6w-1980x1485.jpeg 1980w\" sizes=\"auto, (max-width: 2016px) 100vw, 2016px\" \/><\/figure>\r\n                <h3>Ultime Sfide<\/h3>\r\n                <p>Partecipa alle nostre ultime sfide sui social e mettiti in contatto con altri francoprovenzali.<\/p>\r\n                <p><a class=\"wp-block-button__link\" href=\"http:\/\/www.fpglobal.ca\/it\/challenges\/\">Saperne di\r\n                        pi\u00f9<\/a><\/p>\r\n                <h3>Unisciti ai nostri gruppi online<\/h3>\r\n                <p>Accedi ai nostri gruppi di locutori di francoprovenzale dappertutto, pi\u00f9 facile.<\/p>\r\n                <p><a href=\"https:\/\/chat.whatsapp.com\/D5d2kNZaCUs9p4Upzsgo9H\"><img loading=\"lazy\" decoding=\"async\" class=\"wp-image-2130 alignleft\"\r\n                            src=\"https:\/\/fpglobal.ca\/wp-content\/uploads\/2025\/02\/whatsapp_logo.png\" alt=\"\" width=\"46\"\r\n                            height=\"46\" \/><\/a><\/p>\r\n                <p><span\r\n                        style=\"color: #fcf2f4; font-family: Inter var, -apple-system, BlinkMacSystemFont, Helvetica Neue, Helvetica, sans-serif; font-size: large;\"><span\r\n                            style=\"caret-color: #fcf2f4; letter-spacing: 0.5625px; text-transform: uppercase; background-color: #bfe6ff;\"><b>\u00a0<a\r\n                                    href=\"https:\/\/www.instagram.com\/fpglobalhub?igsh=MW55bjU0MzV4cGE1ZQ==\"><img loading=\"lazy\" decoding=\"async\"\r\n                                        class=\"wp-image-2126 alignleft\"\r\n                                        src=\"https:\/\/fpglobal.ca\/wp-content\/uploads\/2025\/02\/instagram_logo-1.png\" alt=\"\"\r\n                                        width=\"46\" height=\"46\" \/><\/a><a\r\n                                    style=\"font-size: 18px; font-weight: bold; letter-spacing: 0.5625px; text-transform: uppercase;\"\r\n                                    href=\"https:\/\/www.facebook.com\/profile.php?id=61568305871536\"><img loading=\"lazy\" decoding=\"async\"\r\n                                        class=\"alignleft wp-image-2128\"\r\n                                        src=\"https:\/\/fpglobal.ca\/wp-content\/uploads\/2025\/02\/facebook_logo.png\" alt=\"\"\r\n                                        width=\"46\" height=\"46\" \/><\/a><\/b><\/span><\/span><\/p>\r\n            <\/div>\r\n            <\/p>\r\n        <\/div>\r\n        <\/p>\r\n    <\/div>\r\n    <div class=\"wp-block-column\">\r\n        <div class=\"wp-block-group\">\r\n            <div class=\"wp-block-group__inner-container\">\r\n                <figure class=\"wp-block-image alignfull size-full\"><img loading=\"lazy\" decoding=\"async\" class=\"alignnone size-full wp-image-308\"\r\n                        src=\"http:\/\/fpglobal.ca\/wp-content\/uploads\/2020\/09\/UMnYeszA.jpeg\" alt=\"\" width=\"2016\"\r\n                        height=\"1512\" srcset=\"https:\/\/fpglobal.ca\/wp-content\/uploads\/2020\/09\/UMnYeszA.jpeg 2016w, https:\/\/fpglobal.ca\/wp-content\/uploads\/2020\/09\/UMnYeszA-300x225.jpeg 300w, https:\/\/fpglobal.ca\/wp-content\/uploads\/2020\/09\/UMnYeszA-1024x768.jpeg 1024w, https:\/\/fpglobal.ca\/wp-content\/uploads\/2020\/09\/UMnYeszA-768x576.jpeg 768w, https:\/\/fpglobal.ca\/wp-content\/uploads\/2020\/09\/UMnYeszA-1536x1152.jpeg 1536w, https:\/\/fpglobal.ca\/wp-content\/uploads\/2020\/09\/UMnYeszA-1200x900.jpeg 1200w, https:\/\/fpglobal.ca\/wp-content\/uploads\/2020\/09\/UMnYeszA-1980x1485.jpeg 1980w\" sizes=\"auto, (max-width: 2016px) 100vw, 2016px\" \/><\/figure>\r\n                <h3>Risorse sul francoprovenzale<\/h3>\r\n                <p>Novit\u00e0 sul francoprovenzale:<\/p>\r\n                <div>\r\n                    <a class=\"wp-block-button__link\" href=\"https:\/\/fpglobal.ca\/it\/resources\/\">Saperne di pi\u00f9<\/a>\r\n                <\/div>\r\n                <\/p>\r\n            <\/div>\r\n            <div>\r\n                <h3>Il francoprovenzale nel mondo<\/h3>\r\n                <p>Ti sei mai chiesto dove si parla francoprovenzale? Dai un\u2019occhiata alla mappa qui sotto. I punti neri\r\n                    rappresentano le diverse communit\u00e0 di francoprovenzali e i punti rossi rappresentano i partner di\r\n                    #FPGlobal.<\/p>\r\n                <p><img loading=\"lazy\" decoding=\"async\" class=\"alignnone  wp-image-267\"\r\n                        src=\"https:\/\/fpglobal.ca\/wp-content\/uploads\/2020\/09\/GlobalFP_map1-300x108.png\" alt=\"\"\r\n                        width=\"422\" height=\"152\" srcset=\"https:\/\/fpglobal.ca\/wp-content\/uploads\/2020\/09\/GlobalFP_map1-300x108.png 300w, https:\/\/fpglobal.ca\/wp-content\/uploads\/2020\/09\/GlobalFP_map1-1024x369.png 1024w, https:\/\/fpglobal.ca\/wp-content\/uploads\/2020\/09\/GlobalFP_map1-768x277.png 768w, https:\/\/fpglobal.ca\/wp-content\/uploads\/2020\/09\/GlobalFP_map1-1536x554.png 1536w, https:\/\/fpglobal.ca\/wp-content\/uploads\/2020\/09\/GlobalFP_map1-2048x738.png 2048w, https:\/\/fpglobal.ca\/wp-content\/uploads\/2020\/09\/GlobalFP_map1-1200x433.png 1200w, https:\/\/fpglobal.ca\/wp-content\/uploads\/2020\/09\/GlobalFP_map1-1980x714.png 1980w\" sizes=\"auto, (max-width: 422px) 100vw, 422px\" \/><\/p>\r\n                <p>Vuoi aiutarci a documentare il francoprovenzale e i francoprovenzali nel mondo? Raccogliamo\r\n                    informazioni demografiche per la documentazione e la conservazione del francoprovenzale.<\/p>\r\n                <\/p>\r\n            <\/div>\r\n            <p><a class=\"wp-block-button__link\" href=\"https:\/\/fpglobal.ca\/it\/contact\/\">CONTATTACI<\/a><\/p>\r\n            <\/p>\r\n        <\/div>\r\n        <p><!-- \/wp:gallery --><\/p>\r\n        <\/p>\r\n    <\/div>\r\n<\/div>","protected":false},"excerpt":{"rendered":"<p>Che cos&#8217;\u00e8 #FPGlobal? \u00c8 un portale pensato per quelli che amano (o vogliono imparare a) parlare francoprovenzale. Il nostro obiettivo \u00e8 riunire coloro che condividono un&#8217;eredit\u00e0 francoprovenzale pur se provenienti da luoghi diversi, in modo che si possano incontrare e comunicare fra di loro. Per promuovere lo scambio interculturale, vorremmo proporre argomenti specifici, includendo temi&hellip;<\/p>\n","protected":false},"author":1,"featured_media":1324,"parent":0,"menu_order":0,"comment_status":"closed","ping_status":"closed","template":"","meta":{"footnotes":""},"class_list":["post-6","page","type-page","status-publish","has-post-thumbnail","hentry"],"translation":{"provider":"WPGlobus","version":"3.0.0","language":"it","enabled_languages":["fr","it","ft","va","en"],"languages":{"fr":{"title":true,"content":true,"excerpt":false},"it":{"title":true,"content":true,"excerpt":false},"ft":{"title":true,"content":true,"excerpt":false},"va":{"title":true,"content":true,"excerpt":false},"en":{"title":true,"content":true,"excerpt":false}}},"_links":{"self":[{"href":"https:\/\/fpglobal.ca\/it\/wp-json\/wp\/v2\/pages\/6","targetHints":{"allow":["GET"]}}],"collection":[{"href":"https:\/\/fpglobal.ca\/it\/wp-json\/wp\/v2\/pages"}],"about":[{"href":"https:\/\/fpglobal.ca\/it\/wp-json\/wp\/v2\/types\/page"}],"author":[{"embeddable":true,"href":"https:\/\/fpglobal.ca\/it\/wp-json\/wp\/v2\/users\/1"}],"replies":[{"embeddable":true,"href":"https:\/\/fpglobal.ca\/it\/wp-json\/wp\/v2\/comments?post=6"}],"version-history":[{"count":319,"href":"https:\/\/fpglobal.ca\/it\/wp-json\/wp\/v2\/pages\/6\/revisions"}],"predecessor-version":[{"id":3344,"href":"https:\/\/fpglobal.ca\/it\/wp-json\/wp\/v2\/pages\/6\/revisions\/3344"}],"wp:featuredmedia":[{"embeddable":true,"href":"https:\/\/fpglobal.ca\/it\/wp-json\/wp\/v2\/media\/1324"}],"wp:attachment":[{"href":"https:\/\/fpglobal.ca\/it\/wp-json\/wp\/v2\/media?parent=6"}],"curies":[{"name":"wp","href":"https:\/\/api.w.org\/{rel}","templated":true}]}}