{"id":6,"date":"2020-07-20T22:57:04","date_gmt":"2020-07-20T22:57:04","guid":{"rendered":"http:\/\/127.0.0.1\/wp\/?page_id=6"},"modified":"2025-09-04T00:45:37","modified_gmt":"2025-09-04T00:45:37","slug":"the-new-umoma-opens-its-doors-2","status":"publish","type":"page","link":"https:\/\/fpglobal.ca\/ft\/","title":{"rendered":"Bunven\u00ec in #FPGlobal"},"content":{"rendered":"<!--[if lt IE 9]><script>document.createElement('audio');<\/script><![endif]-->\n<audio class=\"wp-audio-shortcode\" id=\"audio-6-1\" preload=\"none\" style=\"width: 100%;\" controls=\"controls\"><source type=\"audio\/wav\" src=\"https:\/\/fpglobal.ca\/wp-content\/uploads\/2024\/09\/concetta_htags1_benvenuto_clip1.wav?_=1\" \/><a href=\"https:\/\/fpglobal.ca\/wp-content\/uploads\/2024\/09\/concetta_htags1_benvenuto_clip1.wav\">https:\/\/fpglobal.ca\/wp-content\/uploads\/2024\/09\/concetta_htags1_benvenuto_clip1.wav<\/a><\/audio>\r\n<div class=\"wp-block-group alignwide\">\r\n<div class=\"wp-block-group__inner-container\">\r\n<h2 class=\"has-accent-color has-text-align-center wp-block-heading\">T\u00f3cche a-\u00e9tte #FPGlobal?<\/h2>\r\n<p><\/p>\r\n<\/div>\r\n<\/div>\r\n<p><!-- \/wp:post-content --><\/p>\r\n<p><!-- wp:paragraph {\"dropCap\":true} --><\/p>\r\n<audio class=\"wp-audio-shortcode\" id=\"audio-6-2\" preload=\"none\" style=\"width: 100%;\" controls=\"controls\"><source type=\"audio\/wav\" src=\"https:\/\/fpglobal.ca\/wp-content\/uploads\/2024\/09\/concetta_htags1_benvenuto_clip34.wav?_=2\" \/><a href=\"https:\/\/fpglobal.ca\/wp-content\/uploads\/2024\/09\/concetta_htags1_benvenuto_clip34.wav\">https:\/\/fpglobal.ca\/wp-content\/uploads\/2024\/09\/concetta_htags1_benvenuto_clip34.wav<\/a><\/audio>\r\n<p class=\"has-drop-cap\" style=\"text-align: left;\">Pe m\u00e9tte &#8216;nz\u00e8nne tutte lo cresti\u00e0nne che ul\u00fande b\u00e9nne parl\u00e0 francoprovenzale. Su che nusse n&#8217;ul\u00f9nne \u00e9tte m\u00e9tte en s\u00e8nne cresti\u00e0nne chi ven\u00f9nde da l\u00f2cche difer\u00e9nte, ma che la st\u00e8sse rada francoprovenzale.<\/p>\r\n<audio class=\"wp-audio-shortcode\" id=\"audio-6-3\" preload=\"none\" style=\"width: 100%;\" controls=\"controls\"><source type=\"audio\/wav\" src=\"https:\/\/fpglobal.ca\/wp-content\/uploads\/2024\/09\/concetta_htags1_benvenuto_clip5.wav?_=3\" \/><a href=\"https:\/\/fpglobal.ca\/wp-content\/uploads\/2024\/09\/concetta_htags1_benvenuto_clip5.wav\">https:\/\/fpglobal.ca\/wp-content\/uploads\/2024\/09\/concetta_htags1_benvenuto_clip5.wav<\/a><\/audio>\r\n<p>Pe favor\u00ecje lo sc\u00e0nge de la cresti\u00e0nne, nu parl\u00f9nne d&#8217;argum\u00e9nne prec\u00ecse come la cuc\u00edne, lu sport, la religgi\u00f3nne, la vite de la camp\u00e0gne, la fam\u00edglje, ecc.<\/p>\r\n<audio class=\"wp-audio-shortcode\" id=\"audio-6-4\" preload=\"none\" style=\"width: 100%;\" controls=\"controls\"><source type=\"audio\/wav\" src=\"https:\/\/fpglobal.ca\/wp-content\/uploads\/2024\/09\/concetta_htags1_benvenuto_clip6789.wav?_=4\" \/><a href=\"https:\/\/fpglobal.ca\/wp-content\/uploads\/2024\/09\/concetta_htags1_benvenuto_clip6789.wav\">https:\/\/fpglobal.ca\/wp-content\/uploads\/2024\/09\/concetta_htags1_benvenuto_clip6789.wav<\/a><\/audio>\r\n<audio class=\"wp-audio-shortcode\" id=\"audio-6-5\" preload=\"none\" style=\"width: 100%;\" controls=\"controls\"><source type=\"audio\/wav\" src=\"https:\/\/fpglobal.ca\/wp-content\/uploads\/2024\/09\/concetta_htags1_benvenuto_clip1011.wav?_=5\" \/><a href=\"https:\/\/fpglobal.ca\/wp-content\/uploads\/2024\/09\/concetta_htags1_benvenuto_clip1011.wav\">https:\/\/fpglobal.ca\/wp-content\/uploads\/2024\/09\/concetta_htags1_benvenuto_clip1011.wav<\/a><\/audio>\r\n<p>&#8216;Nghi\u00f2cche lu s\u00edtte te p\u00f9 truu\u00e0 argum\u00e9nne, azzi\u00f9nne, pens\u00ecje e ciu\u00f3se da f\u00e0. Te v\u00e9nne duman\u00e0 do &#8216;na fotograf\u00ecje, an pens\u00ecje, do &#8216;na fr\u00e0se, de m\u00e9tte &#8216;nz\u00e8nne de los \u00e0tte cache ciu\u00f3se in francoprovenzale. N&#8217;ul\u00f9nne m\u00e9tte &#8216;nz\u00e8nne tutte lo cresti\u00e0nne francoprovenzale do m\u00f9nne accuss\u00ec put\u00f9nte da un\u00ecje e put\u00f9nte com\u00f9nne c\u00e0tre d\u00ecsse.<\/p>\r\n<p>Maten\u00e0nne e fesci\u00f9nne la dev\u00e0nne esta l\u00e8nne! Fa clicche de la bandi\u00e9re che agn\u00e0tte pr\u00e9 pe abbi\u00e0:<\/p>\r\n<div class=\"center-images\"><a href=\"http:\/\/www.fpglobal.ca\/en\/\"> <img loading=\"lazy\" decoding=\"async\" class=\"alignleft wp-image-148\" src=\"http:\/\/www.fpglobal.ca\/wp-content\/uploads\/2020\/08\/006-canada-150x150.png\" alt=\"\" width=\"70\" height=\"70\" srcset=\"https:\/\/fpglobal.ca\/wp-content\/uploads\/2020\/08\/006-canada-150x150.png 150w, https:\/\/fpglobal.ca\/wp-content\/uploads\/2020\/08\/006-canada-300x300.png 300w, https:\/\/fpglobal.ca\/wp-content\/uploads\/2020\/08\/006-canada.png 512w\" sizes=\"auto, (max-width: 70px) 100vw, 70px\" \/> <\/a> <a href=\"http:\/\/www.fpglobal.ca\"> <img loading=\"lazy\" decoding=\"async\" class=\"alignleft wp-image-151\" src=\"http:\/\/www.fpglobal.ca\/wp-content\/uploads\/2020\/08\/002-france-1-150x150.png\" alt=\"\" width=\"70\" height=\"70\" srcset=\"https:\/\/fpglobal.ca\/wp-content\/uploads\/2020\/08\/002-france-1-150x150.png 150w, https:\/\/fpglobal.ca\/wp-content\/uploads\/2020\/08\/002-france-1-300x300.png 300w, https:\/\/fpglobal.ca\/wp-content\/uploads\/2020\/08\/002-france-1.png 512w\" sizes=\"auto, (max-width: 70px) 100vw, 70px\" \/> <\/a> <a href=\"http:\/\/www.fpglobal.ca\/it\"> <img loading=\"lazy\" decoding=\"async\" class=\"alignleft wp-image-150\" src=\"http:\/\/www.fpglobal.ca\/wp-content\/uploads\/2020\/08\/015-italy-150x150.png\" alt=\"\" width=\"70\" height=\"70\" srcset=\"https:\/\/fpglobal.ca\/wp-content\/uploads\/2020\/08\/015-italy-150x150.png 150w, https:\/\/fpglobal.ca\/wp-content\/uploads\/2020\/08\/015-italy-300x300.png 300w, https:\/\/fpglobal.ca\/wp-content\/uploads\/2020\/08\/015-italy.png 512w\" sizes=\"auto, (max-width: 70px) 100vw, 70px\" \/> <\/a> <a href=\"http:\/\/www.fpglobal.ca\/sw\"> <img loading=\"lazy\" decoding=\"async\" class=\"alignleft wp-image-149\" src=\"http:\/\/www.fpglobal.ca\/wp-content\/uploads\/2020\/08\/010-switzerland-150x150.png\" alt=\"\" width=\"70\" height=\"70\" srcset=\"https:\/\/fpglobal.ca\/wp-content\/uploads\/2020\/08\/010-switzerland-150x150.png 150w, https:\/\/fpglobal.ca\/wp-content\/uploads\/2020\/08\/010-switzerland-300x300.png 300w, https:\/\/fpglobal.ca\/wp-content\/uploads\/2020\/08\/010-switzerland.png 512w\" sizes=\"auto, (max-width: 70px) 100vw, 70px\" \/> <\/a> <a href=\"http:\/\/www.fpglobal.ca\/va\"> <img loading=\"lazy\" decoding=\"async\" class=\"alignleft wp-image-149\" src=\"http:\/\/www.fpglobal.ca\/wp-content\/uploads\/2020\/08\/valledosta-150x150.png\" alt=\"\" width=\"70\" height=\"70\" \/> <\/a><a href=\"http:\/\/www.fpglobal.ca\/ft\"> <img loading=\"lazy\" decoding=\"async\" class=\"alignleft wp-image-149\" src=\"http:\/\/www.fpglobal.ca\/wp-content\/uploads\/2020\/08\/4-150x150.png\" alt=\"\" width=\"70\" height=\"70\" \/><\/a><\/div>\r\n<div class=\"wp-block-group alignwide\">\r\n<div class=\"wp-block-group__inner-container\">\r\n<p><!-- \/wp:paragraph --><\/p>\r\n<\/div>\r\n<\/div>\r\n<p><!-- \/wp:group --><\/p>\r\n<p><!-- wp:columns {\"align\":\"wide\"} --><\/p>\r\n<div class=\"wp-block-columns alignwide\"><!-- wp:column -->\r\n<div class=\"wp-block-column\"><!-- wp:group -->\r\n<div class=\"wp-block-group\">\r\n<div class=\"wp-block-group__inner-container\">\r\n<figure class=\"wp-block-image alignfull size-full\"><img loading=\"lazy\" decoding=\"async\" class=\"size-full wp-image-307 alignnone\" src=\"http:\/\/fpglobal.ca\/wp-content\/uploads\/2020\/09\/tG3Xwd6w.jpeg\" alt=\"\" width=\"2016\" height=\"1512\" srcset=\"https:\/\/fpglobal.ca\/wp-content\/uploads\/2020\/09\/tG3Xwd6w.jpeg 2016w, https:\/\/fpglobal.ca\/wp-content\/uploads\/2020\/09\/tG3Xwd6w-300x225.jpeg 300w, https:\/\/fpglobal.ca\/wp-content\/uploads\/2020\/09\/tG3Xwd6w-1024x768.jpeg 1024w, https:\/\/fpglobal.ca\/wp-content\/uploads\/2020\/09\/tG3Xwd6w-768x576.jpeg 768w, https:\/\/fpglobal.ca\/wp-content\/uploads\/2020\/09\/tG3Xwd6w-1536x1152.jpeg 1536w, https:\/\/fpglobal.ca\/wp-content\/uploads\/2020\/09\/tG3Xwd6w-1200x900.jpeg 1200w, https:\/\/fpglobal.ca\/wp-content\/uploads\/2020\/09\/tG3Xwd6w-1980x1485.jpeg 1980w\" sizes=\"auto, (max-width: 2016px) 100vw, 2016px\" \/><\/figure>\r\n<h3>Derri\u00e9re Sfide<\/h3>\r\n<p>Partecepp\u00e0 a la derri\u00e9re sfide &#8216;nghi\u00f2cche social e m\u00e8tte &#8216;nz\u00e8nne do \u00e0tte cristi\u00e0nne chi parl\u00f9nte francoprovenzale.<\/p>\r\n<div><a class=\"wp-block-button__link\" href=\"https:\/\/fpglobal.ca\/ft\/challenges\/\">Sav\u00e0jere de m\u00e9je<\/a><\/div>\r\n<\/div>\r\n<\/div>\r\n<h3>Aun\u00e0je u gr\u00f9ppe n\u00f3te social<\/h3>\r\n<p>Va &#8216;nghi\u00f2cche u gr\u00f9ppe n\u00f3te de cresti\u00e0nne chi parl\u00f9nte francoprovenzale m\u00e9je facile.<\/p>\r\n<p>&nbsp;<\/p>\r\n<p><a href=\"https:\/\/chat.whatsapp.com\/D5d2kNZaCUs9p4Upzsgo9H\"><img loading=\"lazy\" decoding=\"async\" class=\"wp-image-2130 alignleft\" src=\"https:\/\/fpglobal.ca\/wp-content\/uploads\/2025\/02\/whatsapp_logo.png\" alt=\"\" width=\"46\" height=\"46\" \/><\/a><\/p>\r\n<p><span style=\"color: #fcf2f4; font-family: Inter var, -apple-system, BlinkMacSystemFont, Helvetica Neue, Helvetica, sans-serif; font-size: large;\"><span style=\"caret-color: #fcf2f4; letter-spacing: 0.5625px; text-transform: uppercase; background-color: #bfe6ff;\"><b>\u00a0<a href=\"https:\/\/www.instagram.com\/fpglobalhub?igsh=MW55bjU0MzV4cGE1ZQ==\"><img loading=\"lazy\" decoding=\"async\" class=\"wp-image-2126 alignleft\" src=\"https:\/\/fpglobal.ca\/wp-content\/uploads\/2025\/02\/instagram_logo-1.png\" alt=\"\" width=\"46\" height=\"46\" \/><\/a><a style=\"font-size: 18px; font-weight: bold; letter-spacing: 0.5625px; text-transform: uppercase;\" href=\"https:\/\/www.facebook.com\/profile.php?id=61568305871536\"><img loading=\"lazy\" decoding=\"async\" class=\"alignleft wp-image-2128\" src=\"https:\/\/fpglobal.ca\/wp-content\/uploads\/2025\/02\/facebook_logo.png\" alt=\"\" width=\"46\" height=\"46\" \/><\/a><\/b><\/span><\/span><\/p>\r\n<h6>\u00a0<\/h6>\r\n<p>&nbsp;<\/p>\r\n<div>\u00a0<\/div>\r\n<p><!-- \/wp:group --><\/p>\r\n<\/div>\r\n<p><!-- \/wp:column --><\/p>\r\n<p><!-- wp:column --><\/p>\r\n<div class=\"wp-block-column\"><!-- wp:group -->\r\n<div class=\"wp-block-group\">\r\n<div class=\"wp-block-group__inner-container\"><!-- wp:image {\"align\":\"full\",\"id\":37,\"sizeSlug\":\"full\"} -->\r\n<figure class=\"wp-block-image alignfull size-full\"><img loading=\"lazy\" decoding=\"async\" class=\"alignnone size-full wp-image-308\" src=\"http:\/\/fpglobal.ca\/wp-content\/uploads\/2020\/09\/UMnYeszA.jpeg\" alt=\"\" width=\"2016\" height=\"1512\" srcset=\"https:\/\/fpglobal.ca\/wp-content\/uploads\/2020\/09\/UMnYeszA.jpeg 2016w, https:\/\/fpglobal.ca\/wp-content\/uploads\/2020\/09\/UMnYeszA-300x225.jpeg 300w, https:\/\/fpglobal.ca\/wp-content\/uploads\/2020\/09\/UMnYeszA-1024x768.jpeg 1024w, https:\/\/fpglobal.ca\/wp-content\/uploads\/2020\/09\/UMnYeszA-768x576.jpeg 768w, https:\/\/fpglobal.ca\/wp-content\/uploads\/2020\/09\/UMnYeszA-1536x1152.jpeg 1536w, https:\/\/fpglobal.ca\/wp-content\/uploads\/2020\/09\/UMnYeszA-1200x900.jpeg 1200w, https:\/\/fpglobal.ca\/wp-content\/uploads\/2020\/09\/UMnYeszA-1980x1485.jpeg 1980w\" sizes=\"auto, (max-width: 2016px) 100vw, 2016px\" \/><\/figure>\r\n<p><!-- \/wp:image --><\/p>\r\n<p><!-- wp:heading {\"level\":3} --><\/p>\r\n<h3>Risorse in Francoprovenc\u0327al e Faetar<\/h3>\r\n<p><!-- \/wp:heading --><\/p>\r\n<p><!-- wp:paragraph --><\/p>\r\n<p>Nuvett\u00e0 dengh\u00e9nne francoprovenzale:<\/p>\r\n<p><a class=\"wp-block-button__link\" href=\"https:\/\/fpglobal.ca\/ft\/resources\/\">Sav\u00e0jere de m\u00e9je<\/a><\/p>\r\n<p><!-- \/wp:paragraph --><\/p>\r\n<p><!-- wp:button {\"className\":\"is-style-outline\"} --><\/p>\r\n<div>\u00a0<\/div>\r\n<h3 class=\"wp-block-button is-style-outline\"><span style=\"font-size: 48px;\">Lu Francoprovenzale dengh\u00e9nne lu M\u00f9nne<\/span><\/h3>\r\n<div class=\"wp-block-button is-style-outline\">Te dum\u00e0nne dech\u00ecrre se parle lu francoprovenzale? V\u00e0je la pi\u00e0nde icch\u00e9 dess\u00f2. Lo pu\u00e8nne n\u00e0je chi spuande la z\u00f3ne do cresti\u00e0nne chi parl\u00f9nte francoprovenzale e lo pu\u00e8nne russe chi spuande lo partner de #FPGlobal.<\/div>\r\n<div><img loading=\"lazy\" decoding=\"async\" class=\"alignnone  wp-image-267\" src=\"https:\/\/fpglobal.ca\/wp-content\/uploads\/2020\/09\/GlobalFP_map1-300x108.png\" alt=\"\" width=\"575\" height=\"207\" srcset=\"https:\/\/fpglobal.ca\/wp-content\/uploads\/2020\/09\/GlobalFP_map1-300x108.png 300w, https:\/\/fpglobal.ca\/wp-content\/uploads\/2020\/09\/GlobalFP_map1-1024x369.png 1024w, https:\/\/fpglobal.ca\/wp-content\/uploads\/2020\/09\/GlobalFP_map1-768x277.png 768w, https:\/\/fpglobal.ca\/wp-content\/uploads\/2020\/09\/GlobalFP_map1-1536x554.png 1536w, https:\/\/fpglobal.ca\/wp-content\/uploads\/2020\/09\/GlobalFP_map1-2048x738.png 2048w, https:\/\/fpglobal.ca\/wp-content\/uploads\/2020\/09\/GlobalFP_map1-1200x433.png 1200w, https:\/\/fpglobal.ca\/wp-content\/uploads\/2020\/09\/GlobalFP_map1-1980x714.png 1980w\" sizes=\"auto, (max-width: 575px) 100vw, 575px\" \/><\/div>\r\n<div class=\"wp-block-button is-style-outline\">Te u\u00f2 aiut\u00e0 a fa ducumentazzi\u00f9nne du francoprovenzale e du cresti\u00e0nne chi \u00ecje parl\u00f9nte dengh\u00e8nne lu m\u00f9nne? Nusse nu rechegli\u00f9nne &#8216;nformazzi\u00f9nne demografiche pe la ducumentazzi\u00f9ne e la cunservazzi\u00f9nne.<\/div>\r\n<p><a class=\"wp-block-button__link\" href=\"https:\/\/fpglobal.ca\/ft\/contact\/\">CUNTATTE<\/a><\/p>\r\n<\/div>\r\n<\/div>\r\n<\/div>\r\n<\/div>\r\n<p><!-- \/wp:gallery --><\/p>","protected":false},"excerpt":{"rendered":"<p>T\u00f3cche a-\u00e9tte #FPGlobal? Pe m\u00e9tte &#8216;nz\u00e8nne tutte lo cresti\u00e0nne che ul\u00fande b\u00e9nne parl\u00e0 francoprovenzale. Su che nusse n&#8217;ul\u00f9nne \u00e9tte m\u00e9tte en s\u00e8nne cresti\u00e0nne chi ven\u00f9nde da l\u00f2cche difer\u00e9nte, ma che la st\u00e8sse rada francoprovenzale. Pe favor\u00ecje lo sc\u00e0nge de la cresti\u00e0nne, nu parl\u00f9nne d&#8217;argum\u00e9nne prec\u00ecse come la cuc\u00edne, lu sport, la religgi\u00f3nne, la vite de&hellip;<\/p>\n","protected":false},"author":1,"featured_media":1324,"parent":0,"menu_order":0,"comment_status":"closed","ping_status":"closed","template":"","meta":{"footnotes":""},"class_list":["post-6","page","type-page","status-publish","has-post-thumbnail","hentry"],"translation":{"provider":"WPGlobus","version":"3.0.0","language":"ft","enabled_languages":["fr","it","ft","va","en"],"languages":{"fr":{"title":true,"content":true,"excerpt":false},"it":{"title":true,"content":true,"excerpt":false},"ft":{"title":true,"content":true,"excerpt":false},"va":{"title":true,"content":true,"excerpt":false},"en":{"title":true,"content":true,"excerpt":false}}},"_links":{"self":[{"href":"https:\/\/fpglobal.ca\/ft\/wp-json\/wp\/v2\/pages\/6","targetHints":{"allow":["GET"]}}],"collection":[{"href":"https:\/\/fpglobal.ca\/ft\/wp-json\/wp\/v2\/pages"}],"about":[{"href":"https:\/\/fpglobal.ca\/ft\/wp-json\/wp\/v2\/types\/page"}],"author":[{"embeddable":true,"href":"https:\/\/fpglobal.ca\/ft\/wp-json\/wp\/v2\/users\/1"}],"replies":[{"embeddable":true,"href":"https:\/\/fpglobal.ca\/ft\/wp-json\/wp\/v2\/comments?post=6"}],"version-history":[{"count":319,"href":"https:\/\/fpglobal.ca\/ft\/wp-json\/wp\/v2\/pages\/6\/revisions"}],"predecessor-version":[{"id":3344,"href":"https:\/\/fpglobal.ca\/ft\/wp-json\/wp\/v2\/pages\/6\/revisions\/3344"}],"wp:featuredmedia":[{"embeddable":true,"href":"https:\/\/fpglobal.ca\/ft\/wp-json\/wp\/v2\/media\/1324"}],"wp:attachment":[{"href":"https:\/\/fpglobal.ca\/ft\/wp-json\/wp\/v2\/media?parent=6"}],"curies":[{"name":"wp","href":"https:\/\/api.w.org\/{rel}","templated":true}]}}